{"id":11,"date":"2008-06-24T12:23:27","date_gmt":"2008-06-24T10:23:27","guid":{"rendered":"http:\/\/www.danielrossellat.ch\/?page_id=11"},"modified":"2021-01-19T09:08:01","modified_gmt":"2021-01-19T08:08:01","slug":"medias","status":"publish","type":"page","link":"https:\/\/www.danielrossellat.ch\/?page_id=11","title":{"rendered":"M\u00e9dias"},"content":{"rendered":"\n<p><strong>Cliquer pour t\u00e9l\u00e9charger en HD.<\/strong><\/p>\n\n\n\n<figure class=\"wp-block-gallery columns-3 is-cropped\"><ul class=\"blocks-gallery-grid\"><li class=\"blocks-gallery-item\"><figure><a href=\"https:\/\/www.danielrossellat.ch\/?attachment_id=502\"><img loading=\"lazy\" width=\"266\" height=\"300\" src=\"https:\/\/www.danielrossellat.ch\/wp-content\/uploads\/2020\/11\/Daniel.718-266x300.jpg\" alt=\"\" data-id=\"502\" data-link=\"https:\/\/www.danielrossellat.ch\/?attachment_id=502\" class=\"wp-image-502\" srcset=\"https:\/\/www.danielrossellat.ch\/wp-content\/uploads\/2020\/11\/Daniel.718-266x300.jpg 266w, https:\/\/www.danielrossellat.ch\/wp-content\/uploads\/2020\/11\/Daniel.718.jpg 750w\" sizes=\"(max-width: 266px) 100vw, 266px\" \/><\/a><\/figure><\/li><li class=\"blocks-gallery-item\"><figure><a href=\"https:\/\/www.danielrossellat.ch\/?attachment_id=501\"><img loading=\"lazy\" width=\"824\" height=\"1024\" src=\"https:\/\/www.danielrossellat.ch\/wp-content\/uploads\/2020\/11\/DR_Prix-des-Arts-18.1-824x1024.jpg\" alt=\"\" data-id=\"501\" data-link=\"https:\/\/www.danielrossellat.ch\/?attachment_id=501\" class=\"wp-image-501\" srcset=\"https:\/\/www.danielrossellat.ch\/wp-content\/uploads\/2020\/11\/DR_Prix-des-Arts-18.1-824x1024.jpg 824w, https:\/\/www.danielrossellat.ch\/wp-content\/uploads\/2020\/11\/DR_Prix-des-Arts-18.1-241x300.jpg 241w, https:\/\/www.danielrossellat.ch\/wp-content\/uploads\/2020\/11\/DR_Prix-des-Arts-18.1.jpg 1329w\" sizes=\"(max-width: 824px) 100vw, 824px\" \/><\/a><\/figure><\/li><li class=\"blocks-gallery-item\"><figure><a href=\"https:\/\/www.danielrossellat.ch\/?attachment_id=500\"><img loading=\"lazy\" width=\"912\" height=\"1024\" src=\"https:\/\/www.danielrossellat.ch\/wp-content\/uploads\/2020\/11\/DR__-912x1024.jpg\" alt=\"\" data-id=\"500\" data-link=\"https:\/\/www.danielrossellat.ch\/?attachment_id=500\" class=\"wp-image-500\" srcset=\"https:\/\/www.danielrossellat.ch\/wp-content\/uploads\/2020\/11\/DR__-912x1024.jpg 912w, https:\/\/www.danielrossellat.ch\/wp-content\/uploads\/2020\/11\/DR__-267x300.jpg 267w\" sizes=\"(max-width: 912px) 100vw, 912px\" \/><\/a><\/figure><\/li><li class=\"blocks-gallery-item\"><figure><a href=\"https:\/\/www.danielrossellat.ch\/?attachment_id=499\"><img loading=\"lazy\" width=\"915\" height=\"1024\" src=\"https:\/\/www.danielrossellat.ch\/wp-content\/uploads\/2020\/11\/DR_-915x1024.jpg\" alt=\"\" data-id=\"499\" data-link=\"https:\/\/www.danielrossellat.ch\/?attachment_id=499\" class=\"wp-image-499\" srcset=\"https:\/\/www.danielrossellat.ch\/wp-content\/uploads\/2020\/11\/DR_-915x1024.jpg 915w, https:\/\/www.danielrossellat.ch\/wp-content\/uploads\/2020\/11\/DR_-268x300.jpg 268w\" sizes=\"(max-width: 915px) 100vw, 915px\" \/><\/a><\/figure><\/li><li class=\"blocks-gallery-item\"><figure><a href=\"https:\/\/www.danielrossellat.ch\/?attachment_id=498\"><img loading=\"lazy\" width=\"902\" height=\"1024\" src=\"https:\/\/www.danielrossellat.ch\/wp-content\/uploads\/2020\/11\/DR-902x1024.jpg\" alt=\"\" data-id=\"498\" data-link=\"https:\/\/www.danielrossellat.ch\/?attachment_id=498\" class=\"wp-image-498\" srcset=\"https:\/\/www.danielrossellat.ch\/wp-content\/uploads\/2020\/11\/DR-902x1024.jpg 902w, https:\/\/www.danielrossellat.ch\/wp-content\/uploads\/2020\/11\/DR-264x300.jpg 264w\" sizes=\"(max-width: 902px) 100vw, 902px\" \/><\/a><\/figure><\/li><li class=\"blocks-gallery-item\"><figure><a href=\"https:\/\/www.danielrossellat.ch\/?attachment_id=387\"><img loading=\"lazy\" width=\"300\" height=\"162\" src=\"https:\/\/www.danielrossellat.ch\/wp-content\/uploads\/2015\/11\/39186122-300x162.jpg\" alt=\"\" data-id=\"387\" data-link=\"https:\/\/www.danielrossellat.ch\/?attachment_id=387\" class=\"wp-image-387\" srcset=\"https:\/\/www.danielrossellat.ch\/wp-content\/uploads\/2015\/11\/39186122-300x162.jpg 300w, https:\/\/www.danielrossellat.ch\/wp-content\/uploads\/2015\/11\/39186122.jpg 725w\" sizes=\"(max-width: 300px) 100vw, 300px\" \/><\/a><\/figure><\/li><li class=\"blocks-gallery-item\"><figure><a href=\"https:\/\/www.danielrossellat.ch\/?attachment_id=386\"><img loading=\"lazy\" width=\"1024\" height=\"682\" src=\"https:\/\/www.danielrossellat.ch\/wp-content\/uploads\/2015\/11\/AJO_2870-1024x682.jpg\" alt=\"\" data-id=\"386\" data-link=\"https:\/\/www.danielrossellat.ch\/?attachment_id=386\" class=\"wp-image-386\" srcset=\"https:\/\/www.danielrossellat.ch\/wp-content\/uploads\/2015\/11\/AJO_2870-1024x682.jpg 1024w, https:\/\/www.danielrossellat.ch\/wp-content\/uploads\/2015\/11\/AJO_2870-300x200.jpg 300w\" sizes=\"(max-width: 1024px) 100vw, 1024px\" \/><\/a><\/figure><\/li><li class=\"blocks-gallery-item\"><figure><a href=\"https:\/\/www.danielrossellat.ch\/?attachment_id=365\"><img loading=\"lazy\" width=\"1024\" height=\"685\" src=\"https:\/\/www.danielrossellat.ch\/wp-content\/uploads\/2015\/11\/DSC_0091-1024x685.jpg\" alt=\"\" data-id=\"365\" data-link=\"https:\/\/www.danielrossellat.ch\/?attachment_id=365\" class=\"wp-image-365\" srcset=\"https:\/\/www.danielrossellat.ch\/wp-content\/uploads\/2015\/11\/DSC_0091-1024x685.jpg 1024w, https:\/\/www.danielrossellat.ch\/wp-content\/uploads\/2015\/11\/DSC_0091-300x200.jpg 300w\" sizes=\"(max-width: 1024px) 100vw, 1024px\" \/><\/a><\/figure><\/li><li class=\"blocks-gallery-item\"><figure><a href=\"https:\/\/www.danielrossellat.ch\/?attachment_id=510\"><img loading=\"lazy\" width=\"1024\" height=\"718\" src=\"https:\/\/www.danielrossellat.ch\/wp-content\/uploads\/2020\/11\/Daniel-Rossellat-2020-1024x718.jpg\" alt=\"\" data-id=\"510\" data-link=\"https:\/\/www.danielrossellat.ch\/?attachment_id=510\" class=\"wp-image-510\" srcset=\"https:\/\/www.danielrossellat.ch\/wp-content\/uploads\/2020\/11\/Daniel-Rossellat-2020-1024x718.jpg 1024w, https:\/\/www.danielrossellat.ch\/wp-content\/uploads\/2020\/11\/Daniel-Rossellat-2020-300x210.jpg 300w\" sizes=\"(max-width: 1024px) 100vw, 1024px\" \/><\/a><\/figure><\/li><li class=\"blocks-gallery-item\"><figure><a href=\"https:\/\/www.danielrossellat.ch\/?attachment_id=861\"><img loading=\"lazy\" width=\"1024\" height=\"488\" src=\"https:\/\/www.danielrossellat.ch\/wp-content\/uploads\/2021\/01\/affiche_DR_RS-1-1024x488.jpg\" alt=\"\" data-id=\"861\" data-full-url=\"https:\/\/www.danielrossellat.ch\/wp-content\/uploads\/2021\/01\/affiche_DR_RS-1-scaled.jpg\" data-link=\"https:\/\/www.danielrossellat.ch\/?attachment_id=861\" class=\"wp-image-861\" srcset=\"https:\/\/www.danielrossellat.ch\/wp-content\/uploads\/2021\/01\/affiche_DR_RS-1-1024x488.jpg 1024w, https:\/\/www.danielrossellat.ch\/wp-content\/uploads\/2021\/01\/affiche_DR_RS-1-300x143.jpg 300w, https:\/\/www.danielrossellat.ch\/wp-content\/uploads\/2021\/01\/affiche_DR_RS-1-150x72.jpg 150w, https:\/\/www.danielrossellat.ch\/wp-content\/uploads\/2021\/01\/affiche_DR_RS-1-768x366.jpg 768w, https:\/\/www.danielrossellat.ch\/wp-content\/uploads\/2021\/01\/affiche_DR_RS-1-1536x732.jpg 1536w, https:\/\/www.danielrossellat.ch\/wp-content\/uploads\/2021\/01\/affiche_DR_RS-1-2048x976.jpg 2048w\" sizes=\"(max-width: 1024px) 100vw, 1024px\" \/><\/a><\/figure><\/li><\/ul><\/figure>\n\n\n\n<figure class=\"wp-block-embed is-type-rich is-provider-prise-en-charge-des-contenus-embarques wp-block-embed-prise-en-charge-des-contenus-embarques wp-embed-aspect-16-9 wp-has-aspect-ratio\"><div class=\"wp-block-embed__wrapper\">\n<iframe title=\"Nyon: Daniel Rossellat pr\u00eat pour une nouveau mandat \u00e0 la Municipalit\u00e9\" width=\"500\" height=\"281\" src=\"https:\/\/www.youtube.com\/embed\/0b_CzU1CESU?feature=oembed\" frameborder=\"0\" allow=\"accelerometer; autoplay; clipboard-write; encrypted-media; gyroscope; picture-in-picture\" allowfullscreen><\/iframe>\n<\/div><\/figure>\n\n\n<p><strong>T\u00e9l\u00e9charger en format PDF:<\/strong><\/p>\n<p><strong><a title=\"Communiqu\u00e9 de presse 25.06.08\" href=\"http:\/\/www.danielrossellat.ch\/wp-content\/uploads\/presse\/080625_DR_Nyon_ComPresse.pdf\" target=\"_blank\" rel=\"noopener noreferrer\"><img src=\"http:\/\/www.danielrossellat.ch\/wp-content\/uploads\/general\/logo_pdf.png\" alt=\"Logo PDF\"><\/a> <\/strong><a href=\"http:\/\/www.danielrossellat.ch\/wp-content\/uploads\/2018\/12\/10ansalamun.scan_.pdf\" target=\"_blank\" rel=\"noopener noreferrer\">R\u00e9trospective &#8211; 10 ans de syndicature<\/a><strong><br><\/strong><\/p>\n<p><strong><a title=\"Communiqu\u00e9 de presse 25.06.08\" href=\"http:\/\/www.danielrossellat.ch\/wp-content\/uploads\/presse\/080625_DR_Nyon_ComPresse.pdf\" target=\"_blank\" rel=\"noopener noreferrer\"><img src=\"http:\/\/www.danielrossellat.ch\/wp-content\/uploads\/general\/logo_pdf.png\" alt=\"Logo PDF\"><\/a> <\/strong><a href=\"http:\/\/www.danielrossellat.ch\/wp-content\/uploads\/2018\/12\/RP_10.DR_.pdf\" target=\"_blank\" rel=\"noopener noreferrer\">Revue de presse &#8211; 10 ans de syndicature<\/a><\/p>\n<p><a title=\"Communiqu\u00e9 de presse 25.06.08\" href=\"http:\/\/www.danielrossellat.ch\/wp-content\/uploads\/presse\/080625_DR_Nyon_ComPresse.pdf\" target=\"_blank\" rel=\"noopener noreferrer\"><img src=\"http:\/\/www.danielrossellat.ch\/wp-content\/uploads\/general\/logo_pdf.png\" alt=\"Logo PDF\"><\/a> <a title=\"Communiqu\u00e9 de presse 25.06.08\" href=\"http:\/\/www.danielrossellat.ch\/wp-content\/uploads\/presse\/080625_DR_Nyon_ComPresse.pdf\" target=\"_blank\" rel=\"noopener noreferrer\">Communiqu\u00e9 de presse du 25.06.08<\/a><\/p>\n<p><a title=\"Bio Daniel Rossellat\" href=\"http:\/\/www.danielrossellat.ch\/wp-content\/uploads\/docs\/080624_AG_Verts.pdf\" target=\"_blank\" rel=\"noopener noreferrer\"><img src=\"http:\/\/www.danielrossellat.ch\/wp-content\/uploads\/general\/logo_pdf.png\" alt=\"Logo PDF\"><\/a> <a title=\"Bio Daniel Rossellat\" href=\"http:\/\/www.danielrossellat.ch\/wp-content\/uploads\/docs\/080624_AG_Verts.pdf\" target=\"_blank\" rel=\"noopener noreferrer\">Intervention de Daniel Rossellat \u00e0 l&#8217;Assembl\u00e9e g\u00e9n\u00e9rale des Verts (24.06.08)<\/a><\/p>\n<p><a title=\"Bio Daniel Rossellat\" href=\"http:\/\/www.danielrossellat.ch\/wp-content\/uploads\/docs\/bio_dr.pdf\" target=\"_blank\" rel=\"noopener noreferrer\"><img src=\"http:\/\/www.danielrossellat.ch\/wp-content\/uploads\/general\/logo_pdf.png\" alt=\"Logo PDF\"><\/a> <a href=\"https:\/\/www.danielrossellat.ch\/wp-content\/uploads\/2020\/11\/BiographieDR_syndic.pdf\" target=\"_blank\" rel=\"noopener noreferrer\">Biographie de Daniel Rossellat<\/a><\/p>\n<p><a title=\"Plate-forme gauche nyonnaise 2006\" href=\"http:\/\/www.danielrossellat.ch\/wp-content\/uploads\/docs\/plate-forme_gauche_2006.pdf\" target=\"_blank\" rel=\"noopener noreferrer\"><img src=\"http:\/\/www.danielrossellat.ch\/wp-content\/uploads\/general\/logo_pdf.png\" alt=\"Logo PDF\"><\/a> <a title=\"Plate-forme gauche nyonnaise 2006\" href=\"http:\/\/www.danielrossellat.ch\/wp-content\/uploads\/docs\/plate-forme_gauche_2006.pdf\" target=\"_blank\" rel=\"noopener noreferrer\">Plate-forme de la gauche nyonnaise 2006 (PS &#8211; Verts &#8211; POP)<\/a><\/p>\n<p><a title=\"Plate-forme gauche nyonnaise 2006\" href=\"http:\/\/www.danielrossellat.ch\/wp-content\/uploads\/docs\/plate-forme_gauche_2006.pdf\" target=\"_blank\" rel=\"noopener noreferrer\"><img src=\"http:\/\/www.danielrossellat.ch\/wp-content\/uploads\/general\/logo_pdf.png\" alt=\"Logo PDF\"><\/a> <a href=\"http:\/\/www.danielrossellat.ch\/wp-content\/uploads\/2008\/09\/col-vert-light.pdf\" target=\"_blank\" rel=\"noopener noreferrer\">Col Vert sp\u00e9cial \u00e9lections<\/a><\/p>\n<p><a title=\"Plate-forme gauche nyonnaise 2006\" href=\"http:\/\/www.danielrossellat.ch\/wp-content\/uploads\/docs\/plate-forme_gauche_2006.pdf\" target=\"_blank\" rel=\"noopener noreferrer\"><img src=\"http:\/\/www.danielrossellat.ch\/wp-content\/uploads\/general\/logo_pdf.png\" alt=\"Logo PDF\"><\/a> <a href=\"http:\/\/www.danielrossellat.ch\/wp-content\/uploads\/2008\/09\/cdp-psn.pdf\" target=\"_blank\" rel=\"noopener noreferrer\">Communiqu\u00e9 de presse 9 septembre &#8211; Parti Socialiste Nyonnais<\/a><\/p>\n<p><a title=\"Plate-forme gauche nyonnaise 2006\" href=\"http:\/\/www.danielrossellat.ch\/wp-content\/uploads\/docs\/plate-forme_gauche_2006.pdf\" target=\"_blank\" rel=\"noopener noreferrer\"><img src=\"http:\/\/www.danielrossellat.ch\/wp-content\/uploads\/general\/logo_pdf.png\" alt=\"Logo PDF\"><\/a> <a href=\"http:\/\/www.danielrossellat.ch\/wp-content\/uploads\/2008\/09\/communique-28-sept.pdf\">Communiqu\u00e9 de presse 28 septembre &#8211; Daniel Rossellat \u00e9lu Municipal<\/a><\/p>\n<p><a title=\"Plate-forme gauche nyonnaise 2006\" href=\"http:\/\/www.danielrossellat.ch\/wp-content\/uploads\/docs\/plate-forme_gauche_2006.pdf\" target=\"_blank\" rel=\"noopener noreferrer\"><img src=\"http:\/\/www.danielrossellat.ch\/wp-content\/uploads\/general\/logo_pdf.png\" alt=\"Logo PDF\"><\/a> <a href=\"http:\/\/www.danielrossellat.ch\/wp-content\/uploads\/2008\/10\/comm-presse-verts.pdf\">Communiqu\u00e9 de presse 9 octobre &#8211; soutien des Verts pour la syndicature<\/a><\/p>\n<p><a title=\"Plate-forme gauche nyonnaise 2006\" href=\"http:\/\/www.danielrossellat.ch\/wp-content\/uploads\/docs\/plate-forme_gauche_2006.pdf\" target=\"_blank\" rel=\"noopener noreferrer\"><img src=\"http:\/\/www.danielrossellat.ch\/wp-content\/uploads\/general\/logo_pdf.png\" alt=\"Logo PDF\"><\/a> <a href=\"http:\/\/www.danielrossellat.ch\/wp-content\/uploads\/2008\/11\/communique-30-novembre.pdf\">Communiqu\u00e9 \u00e9lection \u00e0 la syndicature 30 novembre<\/a><\/p>\n<p><a title=\"Plate-forme gauche nyonnaise 2006\" href=\"http:\/\/www.danielrossellat.ch\/wp-content\/uploads\/docs\/plate-forme_gauche_2006.pdf\" target=\"_blank\" rel=\"noopener noreferrer\"><img src=\"http:\/\/www.danielrossellat.ch\/wp-content\/uploads\/general\/logo_pdf.png\" alt=\"Logo PDF\"><\/a> <a href=\"http:\/\/www.danielrossellat.ch\/wp-content\/uploads\/2009\/03\/lacote-11mars.pdf\">La C\u00f4te &#8211; 11 mars<\/a><\/p>\n<p><a title=\"Plate-forme gauche nyonnaise 2006\" href=\"http:\/\/www.danielrossellat.ch\/wp-content\/uploads\/docs\/plate-forme_gauche_2006.pdf\" target=\"_blank\" rel=\"noopener noreferrer\"><img src=\"http:\/\/www.danielrossellat.ch\/wp-content\/uploads\/general\/logo_pdf.png\" alt=\"Logo PDF\"><\/a> <a href=\"http:\/\/www.danielrossellat.ch\/wp-content\/uploads\/2009\/03\/lacote-11mars1.pdf\">La C\u00f4te &#8211; 11 mars-1<\/a><\/p>\n<p><a title=\"Plate-forme gauche nyonnaise 2006\" href=\"http:\/\/www.danielrossellat.ch\/wp-content\/uploads\/docs\/plate-forme_gauche_2006.pdf\" target=\"_blank\" rel=\"noopener noreferrer\"><img src=\"http:\/\/www.danielrossellat.ch\/wp-content\/uploads\/general\/logo_pdf.png\" alt=\"Logo PDF\"><\/a> <a href=\"http:\/\/www.danielrossellat.ch\/wp-content\/uploads\/2009\/03\/lacote11mars2.pdf\">La C\u00f4te &#8211; 11 mars-2<\/a><\/p>\n<p><a title=\"Plate-forme gauche nyonnaise 2006\" href=\"..\/wp-content\/uploads\/docs\/plate-forme_gauche_2006.pdf\" target=\"_blank\" rel=\"noopener noreferrer\"><img src=\"..\/wp-content\/uploads\/general\/logo_pdf.png\" alt=\"Logo PDF\"><\/a> <a title=\"Les enjeux du 2\u00e8me tour\" href=\"http:\/\/www.danielrossellat.ch\/wp-content\/uploads\/2011\/03\/TableauElection2011.pdf\">Enjeux du 2\u00e8me tour 2011<\/a><\/p>","protected":false},"excerpt":{"rendered":"<p>Cliquer pour t\u00e9l\u00e9charger en HD. T\u00e9l\u00e9charger en format PDF: R\u00e9trospective &#8211; 10 ans de syndicature Revue de presse &#8211; 10 ans de syndicature Communiqu\u00e9 de presse du 25.06.08 Intervention de Daniel Rossellat \u00e0 l&#8217;Assembl\u00e9e g\u00e9n\u00e9rale des Verts (24.06.08) Biographie de Daniel Rossellat Plate-forme de la gauche nyonnaise 2006 (PS &#8211; Verts &#8211; POP) Col Vert [&hellip;]<\/p>\n","protected":false},"author":2,"featured_media":0,"parent":0,"menu_order":12,"comment_status":"closed","ping_status":"closed","template":"","meta":[],"_links":{"self":[{"href":"https:\/\/www.danielrossellat.ch\/index.php?rest_route=\/wp\/v2\/pages\/11"}],"collection":[{"href":"https:\/\/www.danielrossellat.ch\/index.php?rest_route=\/wp\/v2\/pages"}],"about":[{"href":"https:\/\/www.danielrossellat.ch\/index.php?rest_route=\/wp\/v2\/types\/page"}],"author":[{"embeddable":true,"href":"https:\/\/www.danielrossellat.ch\/index.php?rest_route=\/wp\/v2\/users\/2"}],"replies":[{"embeddable":true,"href":"https:\/\/www.danielrossellat.ch\/index.php?rest_route=%2Fwp%2Fv2%2Fcomments&post=11"}],"version-history":[{"count":74,"href":"https:\/\/www.danielrossellat.ch\/index.php?rest_route=\/wp\/v2\/pages\/11\/revisions"}],"predecessor-version":[{"id":865,"href":"https:\/\/www.danielrossellat.ch\/index.php?rest_route=\/wp\/v2\/pages\/11\/revisions\/865"}],"wp:attachment":[{"href":"https:\/\/www.danielrossellat.ch\/index.php?rest_route=%2Fwp%2Fv2%2Fmedia&parent=11"}],"curies":[{"name":"wp","href":"https:\/\/api.w.org\/{rel}","templated":true}]}}